{"id":161,"date":"2023-04-11T17:08:57","date_gmt":"2023-04-11T15:08:57","guid":{"rendered":"https:\/\/ambtirana.esteri.it\/servizi-consolari-e-visti\/"},"modified":"2024-08-14T10:27:25","modified_gmt":"2024-08-14T08:27:25","slug":"servizi-consolari-e-visti","status":"publish","type":"page","link":"https:\/\/ambtirana.esteri.it\/sq\/servizi-consolari-e-visti\/","title":{"rendered":"Sh\u00ebrbime konsullore dhe viza"},"content":{"rendered":"<p class=\"boxLevel03\"><strong>Orari i pritjes s\u00eb publikut n\u00eb Kancelarin\u00eb Konsullore: <\/strong>nga e h\u00ebna n\u00eb t\u00eb premte, prej or\u00ebs 9:00 deri n\u00eb or\u00ebn 12:30.<br \/>\nPrej dat\u00ebs 31 gusht 2021 \u00ebsht\u00eb aktiv portali i ri, Prenot@Mi, t\u00eb cilin e gjeni n\u00eb adres\u00ebn <a href=\"https:\/\/prenotami.esteri.it\">https:\/\/prenotami.esteri.it<\/a>, p\u00ebr regjistrimin dhe p\u00ebrzgjedhjen e Konsullat\u00ebs kompetente dhe prenotimin e takimeve p\u00ebr marrjen e sh\u00ebrbimeve konsullore.<\/p>\n<p>Para se t\u00eb vizitoni faqen, k\u00ebshillohet leximi i kujdessh\u00ebm i manualit t\u00eb p\u00ebrdorimit i cili gjendet n\u00eb portalin <a href=\"https:\/\/prenotami.esteri.it\">https:\/\/prenotami.esteri.it<\/a>. Versioni n\u00eb gjuh\u00ebn shqipe gjendet K\u00cbTU<\/p>\n<p class=\"boxLevel03\"><strong>AVVISO PER I CITTADINI ITALIANI RESIDENTI ALL\u2019ESTERO<\/strong><\/p>\n<p><strong>Il Sistema SPID, &#8211; SISTEMA PUBBLICO DI IDENTITA&#8217; DIGITALE &#8211; diventer\u00e0 il principale strumento di identificazione online per il cittadino.<\/strong><\/p>\n<p><img loading=\"lazy\" decoding=\"async\" class=\"alignnone size-full wp-image-401 img-fluid\" src=\"https:\/\/ambtirana.esteri.it\/wp-content\/uploads\/2023\/11\/flyer_a5_1facciata.png\" alt=\"\" width=\"1140\" height=\"1617\" srcset=\"https:\/\/ambtirana.esteri.it\/wp-content\/uploads\/2023\/11\/flyer_a5_1facciata.png 1140w, https:\/\/ambtirana.esteri.it\/wp-content\/uploads\/2023\/11\/flyer_a5_1facciata-212x300.png 212w, https:\/\/ambtirana.esteri.it\/wp-content\/uploads\/2023\/11\/flyer_a5_1facciata-722x1024.png 722w, https:\/\/ambtirana.esteri.it\/wp-content\/uploads\/2023\/11\/flyer_a5_1facciata-768x1089.png 768w\" sizes=\"auto, (max-width: 1140px) 100vw, 1140px\" \/><img loading=\"lazy\" decoding=\"async\" class=\"alignnone size-full wp-image-404 img-fluid\" src=\"https:\/\/ambtirana.esteri.it\/wp-content\/uploads\/2023\/11\/flyer_a5_fronte_retro_pagina_1.png\" alt=\"\" width=\"1140\" height=\"1617\" srcset=\"https:\/\/ambtirana.esteri.it\/wp-content\/uploads\/2023\/11\/flyer_a5_fronte_retro_pagina_1.png 1140w, https:\/\/ambtirana.esteri.it\/wp-content\/uploads\/2023\/11\/flyer_a5_fronte_retro_pagina_1-212x300.png 212w, https:\/\/ambtirana.esteri.it\/wp-content\/uploads\/2023\/11\/flyer_a5_fronte_retro_pagina_1-722x1024.png 722w, https:\/\/ambtirana.esteri.it\/wp-content\/uploads\/2023\/11\/flyer_a5_fronte_retro_pagina_1-768x1089.png 768w\" sizes=\"auto, (max-width: 1140px) 100vw, 1140px\" \/><\/p>\n","protected":false},"excerpt":{"rendered":"Orari i pritjes s\u00eb publikut n\u00eb Kancelarin\u00eb Konsullore: nga e h\u00ebna n\u00eb t\u00eb premte, prej or\u00ebs 9:00 deri n\u00eb or\u00ebn 12:30. Prej dat\u00ebs 31 gusht 2021 \u00ebsht\u00eb aktiv portali i ri, Prenot@Mi, t\u00eb cilin e gjeni n\u00eb adres\u00ebn https:\/\/prenotami.esteri.it, p\u00ebr regjistrimin dhe p\u00ebrzgjedhjen e Konsullat\u00ebs kompetente dhe prenotimin e takimeve p\u00ebr marrjen e sh\u00ebrbimeve konsullore. [&hellip;]","protected":false},"author":1,"featured_media":0,"parent":0,"menu_order":6,"comment_status":"closed","ping_status":"closed","template":"","meta":{"footnotes":""},"class_list":["post-161","page","type-page","status-publish","hentry"],"_links":{"self":[{"href":"https:\/\/ambtirana.esteri.it\/sq\/wp-json\/wp\/v2\/pages\/161","targetHints":{"allow":["GET"]}}],"collection":[{"href":"https:\/\/ambtirana.esteri.it\/sq\/wp-json\/wp\/v2\/pages"}],"about":[{"href":"https:\/\/ambtirana.esteri.it\/sq\/wp-json\/wp\/v2\/types\/page"}],"author":[{"embeddable":true,"href":"https:\/\/ambtirana.esteri.it\/sq\/wp-json\/wp\/v2\/users\/1"}],"replies":[{"embeddable":true,"href":"https:\/\/ambtirana.esteri.it\/sq\/wp-json\/wp\/v2\/comments?post=161"}],"version-history":[{"count":4,"href":"https:\/\/ambtirana.esteri.it\/sq\/wp-json\/wp\/v2\/pages\/161\/revisions"}],"predecessor-version":[{"id":6472,"href":"https:\/\/ambtirana.esteri.it\/sq\/wp-json\/wp\/v2\/pages\/161\/revisions\/6472"}],"wp:attachment":[{"href":"https:\/\/ambtirana.esteri.it\/sq\/wp-json\/wp\/v2\/media?parent=161"}],"curies":[{"name":"wp","href":"https:\/\/api.w.org\/{rel}","templated":true}]}}