{"id":164,"date":"2023-04-11T18:01:19","date_gmt":"2023-04-11T16:01:19","guid":{"rendered":"https:\/\/ambtirana.esteri.it\/chi-siamo\/gli-uffici\/"},"modified":"2026-04-27T10:22:58","modified_gmt":"2026-04-27T08:22:58","slug":"gli-uffici","status":"publish","type":"page","link":"https:\/\/ambtirana.esteri.it\/sq\/chi-siamo\/gli-uffici\/","title":{"rendered":"Zyrat"},"content":{"rendered":"<p>Numri i emergjencave, <strong>vet\u00ebm p\u00ebr shtetasit italian\u00eb<\/strong>: 00355 4 2275900<\/p>\n<p><strong>KANCELARIA DIPLOMATIKE<\/strong><\/p>\n<p>K\u00ebshilltar\u00a0<strong>Pierluigi SIMONETTI<\/strong><br \/>\nSekretar i Par\u00eb <strong>Giacomo MONTEMARANI<br \/>\n<\/strong>Sekretar i Par\u00eb <strong>Alice BARBERIS<\/strong><\/p>\n<p>Tel.: (00355 4) 2275912 \/ 935<br \/>\nE-mail: <a href=\"mailto:segramb.tirana@esteri.it\">segramb.tirana@esteri.it<br \/>\n<\/a>PEC: amb.tirana@cert.esteri.it (Adres\u00eb e vlefshme vet\u00ebm p\u00ebr marrjen e post\u00ebs elektronike t\u00eb \u00e7ertifikuar PEC)<\/p>\n<p><strong>KANCELARIA KONSULLORE<\/strong><br \/>\nP\u00ebrgjegj\u00ebs i Zyr\u00ebs Konsullore:<br \/>\nSekretar i Par\u00eb <strong>Giacomo MONTEMARANI<\/strong><br \/>\nZv. P\u00ebrgjegj\u00ebs i Zyr\u00ebs Konsullore:<br \/>\nZnj.<strong> Barbara TANCREDI<\/strong><br \/>\nPEC: amb.tirana@cert.esteri.it (Adres\u00eb e vlefshme vet\u00ebm p\u00ebr marrjen e post\u00ebs elektronike t\u00eb \u00e7ertifikuar PEC)<\/p>\n<p><strong>Orari i hapjes p\u00ebr publikun:<\/strong> nga e h\u00ebna n\u00eb t\u00eb premte, prej or\u00ebs 9:00 deri n\u00eb or\u00ebn 12:30.<br \/>\nT\u00eb gjith\u00eb shtetasit q\u00eb kan\u00eb nevoj\u00eb p\u00ebr sh\u00ebrbime konsullore, qofshin ata italian\u00eb apo t\u00eb nj\u00eb komb\u00ebsie tjet\u00ebr, duhet t\u00eb caktojn\u00eb takim n\u00ebp\u00ebrmjet Prenoto Online.<\/p>\n<p>P\u00ebr informacione t\u00eb m\u00ebtejshme q\u00eb nuk gjenden n\u00eb k\u00ebt\u00eb faqe mund t\u00eb kontaktoni zyrat e m\u00ebposhtme:<br \/>\n<strong>Viza:<\/strong><br \/>\nTel.: 00355 4 2275958 \/ 953 \/ 961, prej or\u00ebs 14.30 deri n\u00eb or\u00ebn 16.30<br \/>\nEmail: visti.tirana@esteri.it; amb.tirana.visti@cert.esteri.it<br \/>\n<strong>Shkolla:\u00a0<\/strong><br \/>\nTel.: 00355 4 2275976 \/ 982 prej or\u00ebs 14.30 deri n\u00eb or\u00ebn 16.30<br \/>\nEmail: scuole.tirana@esteri.it<br \/>\n<strong>Gjendja civile:<\/strong><br \/>\nTel.: 00355 4 2275941 \/ 971 \/ 945 prej or\u00ebs 14.30 deri n\u00eb or\u00ebn 16.30<br \/>\nEmail: anagrafe.tirana@esteri.it dhe amb.tirana.consolare@cert.esteri.it<\/p>\n<p><strong>ZYRA TREGTARE<\/strong><br \/>\nP\u00ebr t\u00eb kontaktuar Zyr\u00ebn Tregtare <strong><a href=\"https:\/\/nexus.esteri.it\/?sede=3\">kliko k\u00ebtu<\/a><\/strong><br \/>\nP\u00ebrgjegj\u00ebs: Sekretar i Par\u00eb, Z. <strong>Mario DE ROSA<\/strong><br \/>\nZv. P\u00ebrgjegj\u00ebs: z. <strong>Giovanni TURTURIELLO<\/strong><br \/>\nTel.: (00355 4) 2275934; 944; 939<br \/>\nE-mail: <a href=\"mailto:commerciale.tirana@esteri.it\">commerciale.tirana@esteri.it<\/a><\/p>\n<p><strong>ZYRA E SHTYPIT<\/strong><br \/>\nP\u00ebrgjegj\u00ebse: Sekretar i Par\u00eb, znj. <strong>Alice BARBERIS<\/strong><br \/>\nTel.: (00355 4) 2275928 \/ 925<br \/>\nE-mail: stampa.tirana@esteri.it<\/p>\n<p><strong>ZYRA ADMINISTRATIVE<\/strong><br \/>\nP\u00ebrgjegj\u00ebse: znj.<strong>\u00a0Donatella FATTORI<\/strong><br \/>\nTel.: (00355 4) 2275900<br \/>\nE-mail: amministrativo.tirana@esteri.it<\/p>\n<p><strong>ATASHEU USHTARAK<br \/>\n<\/strong>Pergjegj\u00ebs: Kolonel <strong>Agostino PICCIRILLO\u00a0\u00a0<\/strong><br \/>\nTel.: (00355 4) 2234751\/34836<br \/>\ne-mail: <a href=\"mailto:difeitalia.tirana@smd.difesa.it\">difeitalia.tirana@smd.difesa.it<\/a><\/p>\n<p><strong>ZYRA P\u00cbR BASHK\u00cbPUNIMIN ME SHKOLLAT<br \/>\n<\/strong>Pergjegj\u00ebse: znj. <strong>Eva BAMBAGIOTTI<br \/>\n<\/strong>Tel.: (00355 4) 2275900<br \/>\nE-mail: <a href=\"mailto:dirigentescolastico.tirana@esteri.it\">dirigentescolastico.tirana@esteri.it<\/a><\/p>\n<p><strong>INSTITUTI ITALIAN I KULTUR\u00cbS<\/strong><br \/>\nP\u00ebrgjegj\u00ebs: z. <strong>Alessandro RUGGERA<\/strong><br \/>\nPallati i Kultur\u00ebs, k. II, Sheshi Sk\u00ebnderbej Tiran\u00eb<br \/>\nTel.: (00355 4) 2379579 \/ 2379580 \/ 2379581<br \/>\nE-mail: iictirana@esteri.it<br \/>\n<a href=\"https:\/\/iictirana.esteri.it\/it\/\">https:\/\/iictirana.esteri.it\/it\/<\/a><\/p>\n<p><strong>ICE &#8211; Agjencia p\u00ebr Nxitjen e Shk\u00ebmbimeve dhe nd\u00ebrkomb\u00ebtarizimin e sip\u00ebrmarrjeve italiane<\/strong><br \/>\nP\u00ebrgjegj\u00ebs: z. <strong>Matteo Picariello SIGNORI<\/strong><br \/>\nPallati i Kultur\u00ebs, k. II, Sheshi Sk\u00ebnderbej, Tiran\u00eb<br \/>\nTel.: (00355 4) 2251051; 251036<br \/>\nE-mail: tirana@ice.it<br \/>\n<a href=\"https:\/\/www.ice.it\/it\/mercati\/albania\/tirana\">https:\/\/www.ice.it\/it\/mercati\/albania\/tirana<\/a><\/p>\n<p><strong>AICS &#8211; Agjencia italiane p\u00ebr Bashk\u00ebpunimin p\u00ebr Zhvillim<br \/>\n<\/strong>Titullar n\u00eb detyr\u00eb: znj. <strong>Letizia FISCHIONI<\/strong><br \/>\nRr. Abdi Toptani, Torre Drin, kati i pest\u00eb<br \/>\nTel.: (00355 4) 2240880\/1\/2\/3<br \/>\nE-mail:\u00a0<a href=\"mailto:tirana@aics.gov.it\">tirana@aics.gov.it<\/a><br \/>\nWeb site:\u00a0<a href=\"http:\/\/tirana.aics.gov.it\">tirana.aics.gov.it<\/a><\/p>\n","protected":false},"excerpt":{"rendered":"Numri i emergjencave, vet\u00ebm p\u00ebr shtetasit italian\u00eb: 00355 4 2275900 KANCELARIA DIPLOMATIKE K\u00ebshilltar\u00a0Pierluigi SIMONETTI Sekretar i Par\u00eb Giacomo MONTEMARANI Sekretar i Par\u00eb Alice BARBERIS Tel.: (00355 4) 2275912 \/ 935 E-mail: segramb.tirana@esteri.it PEC: amb.tirana@cert.esteri.it (Adres\u00eb e vlefshme vet\u00ebm p\u00ebr marrjen e post\u00ebs elektronike t\u00eb \u00e7ertifikuar PEC) KANCELARIA KONSULLORE P\u00ebrgjegj\u00ebs i Zyr\u00ebs Konsullore: Sekretar i Par\u00eb [&hellip;]","protected":false},"author":1,"featured_media":0,"parent":143,"menu_order":4,"comment_status":"closed","ping_status":"closed","template":"","meta":{"footnotes":""},"class_list":["post-164","page","type-page","status-publish","hentry"],"_links":{"self":[{"href":"https:\/\/ambtirana.esteri.it\/sq\/wp-json\/wp\/v2\/pages\/164","targetHints":{"allow":["GET"]}}],"collection":[{"href":"https:\/\/ambtirana.esteri.it\/sq\/wp-json\/wp\/v2\/pages"}],"about":[{"href":"https:\/\/ambtirana.esteri.it\/sq\/wp-json\/wp\/v2\/types\/page"}],"author":[{"embeddable":true,"href":"https:\/\/ambtirana.esteri.it\/sq\/wp-json\/wp\/v2\/users\/1"}],"replies":[{"embeddable":true,"href":"https:\/\/ambtirana.esteri.it\/sq\/wp-json\/wp\/v2\/comments?post=164"}],"version-history":[{"count":6,"href":"https:\/\/ambtirana.esteri.it\/sq\/wp-json\/wp\/v2\/pages\/164\/revisions"}],"predecessor-version":[{"id":8813,"href":"https:\/\/ambtirana.esteri.it\/sq\/wp-json\/wp\/v2\/pages\/164\/revisions\/8813"}],"up":[{"embeddable":true,"href":"https:\/\/ambtirana.esteri.it\/sq\/wp-json\/wp\/v2\/pages\/143"}],"wp:attachment":[{"href":"https:\/\/ambtirana.esteri.it\/sq\/wp-json\/wp\/v2\/media?parent=164"}],"curies":[{"name":"wp","href":"https:\/\/api.w.org\/{rel}","templated":true}]}}