{"id":166,"date":"2023-04-11T18:08:31","date_gmt":"2023-04-11T16:08:31","guid":{"rendered":"https:\/\/ambtirana.esteri.it\/chi-siamo\/la-rete-consolare\/"},"modified":"2025-02-06T10:26:13","modified_gmt":"2025-02-06T09:26:13","slug":"la-rete-consolare","status":"publish","type":"page","link":"https:\/\/ambtirana.esteri.it\/sq\/chi-siamo\/la-rete-consolare\/","title":{"rendered":"Rrjeti Konsullor"},"content":{"rendered":"<p class=\"boxLevel03\"><strong>KANCELARIA KONSULLORE n\u00eb TIRAN\u00cb<\/strong><\/p>\n<p align=\"justify\">Jurisdiksioni i Zyr\u00ebs Konsullore:<\/p>\n<p align=\"justify\">Kompetenca Territoriale Tiran\u00eb<\/p>\n<p align=\"justify\"><strong>Drejtues i Kancelaris\u00eb Konsullore<\/strong><\/p>\n<p align=\"justify\">Sekretar i Par\u00eb <strong>Giacomo MONTEMARANI<\/strong><\/p>\n<p>Adresa: Rr. Papa Gjon Pali II, N. 2<br \/>\nTel.: (00355 4) 275900<br \/>\nPEC: <a href=\"mailto:amb.tirana.consolare@cert.esteri.it\">amb.tirana.consolare@cert.esteri.it<\/a><br \/>\n<strong>Numri n\u00eb rastet e Emergjenc\u00ebs p\u00ebr Bashkatdhetar\u00ebt 355 4 275900<\/strong><\/p>\n<p><strong>Orari i hapjes p\u00ebr publikun:<\/strong> e h\u00ebn\u00eb &#8211; e premte, prej or\u00ebs 9.00 deri n\u00eb or\u00ebn 12.30.<\/p>\n<p>&nbsp;<\/p>\n<p><strong>Z\u00cbVEND\u00cbSKONSULLATA NDERI E ITALIS\u00cb n\u00eb SHKOD\u00cbR<br \/>\n<\/strong><strong>(rrethi i Shkodr\u00ebs, Mal\u00ebsis\u00eb s\u00eb Madhe, Tropoj\u00ebs, Hasit, Kuk\u00ebsit, Dibr\u00ebs, Mirdit\u00ebs, Lezh\u00ebs dhe Puk\u00ebs)<\/strong><\/p>\n<p><strong>Z\u00ebvend\u00ebskonsull nderi<br \/>\nProf. Roland Dodani<br \/>\n<\/strong>Tel: +3556970308428<br \/>\nRruga Don Bosko<br \/>\nE-mail: <a href=\"mailto:scutari.onorario@esteri.it\">scutari.onorario@esteri.it<\/a><\/p>\n<p><strong>\u00a0<\/strong><\/p>\n<p align=\"justify\">\u00a0<strong>KONSULLATA E P\u00cbRGJITHSHME ITALIANE N\u00cb VLOR\u00cb<\/strong><\/p>\n<p>Jurisdiksioni i Konsullat\u00ebs s\u00eb P\u00ebrgjithshme<\/p>\n<p><a href=\"https:\/\/ambtirana.esteri.it\/resource\/2006\/10\/12106_f_circoscrizione_valona1.jpg\" target=\"_blank\" rel=\"noopener\"><img decoding=\"async\" src=\"https:\/\/ambtirana.esteri.it\/resource\/2006\/10\/12106_f_circoscrizione_valona2.jpg\" alt=\"\" border=\"0\" \/><\/a><strong>Konsull i P\u00ebrgjithsh\u00ebm<\/strong><br \/>\n<strong>dott. Achille PROVENZANO<br \/>\n<\/strong><\/p>\n<p>Adresa: L. 10 Korriku, Rr. Murat T\u00ebrba\u00e7i<br \/>\nTel: 355 (0) 33 25705\/7<br \/>\nFax: 355 (0) 33 25706\/9<br \/>\n<a href=\"mailto:consolato.valona@esteri.it\">consolato.valona@esteri.it<\/a><br \/>\n<a href=\"http:\/\/www.convalona.esteri.it\">www.convalona.esteri.it<\/a><\/p>\n<p><strong>Numri n\u00eb rastet e Emergjenc\u00ebs p\u00ebr Bashkatdhetar\u00ebt: +355 682027064<\/strong><\/p>\n<p><strong>Orari i hapjes p\u00ebr publikun:<\/strong> e h\u00ebn\u00eb &#8211; e premte, prej or\u00ebs 8.45 deri n\u00eb or\u00ebn 12.00.<\/p>\n<p>&nbsp;<\/p>\n<p align=\"justify\"><strong>KONSULLAT\u00cb NDERI ITALIANE N\u00cb GJIROKAST\u00cbR<\/strong><\/p>\n<p>Konsull Nderi<br \/>\nProf. Teodor Bilushi<br \/>\nAdresa: Rruga, Lagja Varosh nr. 92<br \/>\nGjirokast\u00ebr<br \/>\nTel: +355684023608<br \/>\nE-mail: <a href=\"mailto:teodor.bilushi@libero.it\">teodor.bilushi@libero.it<\/a><\/p>\n<p align=\"justify\"><strong>KORRESPONDENT KONSULLOR I ITALIS\u00cb &#8211; BERAT<\/strong><br \/>\nProf. Vladimir \u00c7ela<br \/>\nCel: +355697480390<br \/>\ne-mail:\u00a0<a href=\"mailto:celavladimir@gmail.com\">celavladimir@gmail.com<\/a><br \/>\nAdresa: L.D\u00ebshmor\u00ebt e Kombit, P.Konuda, BERAT<\/p>\n","protected":false},"excerpt":{"rendered":"KANCELARIA KONSULLORE n\u00eb TIRAN\u00cb Jurisdiksioni i Zyr\u00ebs Konsullore: Kompetenca Territoriale Tiran\u00eb Drejtues i Kancelaris\u00eb Konsullore Sekretar i Par\u00eb Giacomo MONTEMARANI Adresa: Rr. Papa Gjon Pali II, N. 2 Tel.: (00355 4) 275900 PEC: amb.tirana.consolare@cert.esteri.it Numri n\u00eb rastet e Emergjenc\u00ebs p\u00ebr Bashkatdhetar\u00ebt 355 4 275900 Orari i hapjes p\u00ebr publikun: e h\u00ebn\u00eb &#8211; e premte, prej [&hellip;]","protected":false},"author":1,"featured_media":0,"parent":143,"menu_order":8,"comment_status":"closed","ping_status":"closed","template":"","meta":{"footnotes":""},"class_list":["post-166","page","type-page","status-publish","hentry"],"_links":{"self":[{"href":"https:\/\/ambtirana.esteri.it\/sq\/wp-json\/wp\/v2\/pages\/166","targetHints":{"allow":["GET"]}}],"collection":[{"href":"https:\/\/ambtirana.esteri.it\/sq\/wp-json\/wp\/v2\/pages"}],"about":[{"href":"https:\/\/ambtirana.esteri.it\/sq\/wp-json\/wp\/v2\/types\/page"}],"author":[{"embeddable":true,"href":"https:\/\/ambtirana.esteri.it\/sq\/wp-json\/wp\/v2\/users\/1"}],"replies":[{"embeddable":true,"href":"https:\/\/ambtirana.esteri.it\/sq\/wp-json\/wp\/v2\/comments?post=166"}],"version-history":[{"count":6,"href":"https:\/\/ambtirana.esteri.it\/sq\/wp-json\/wp\/v2\/pages\/166\/revisions"}],"predecessor-version":[{"id":7025,"href":"https:\/\/ambtirana.esteri.it\/sq\/wp-json\/wp\/v2\/pages\/166\/revisions\/7025"}],"up":[{"embeddable":true,"href":"https:\/\/ambtirana.esteri.it\/sq\/wp-json\/wp\/v2\/pages\/143"}],"wp:attachment":[{"href":"https:\/\/ambtirana.esteri.it\/sq\/wp-json\/wp\/v2\/media?parent=166"}],"curies":[{"name":"wp","href":"https:\/\/api.w.org\/{rel}","templated":true}]}}